{"id":3187537,"date":"2025-10-22T08:53:34","date_gmt":"2025-10-22T08:53:34","guid":{"rendered":"https:\/\/demo-333.avantio.dev\/jesolo\/informationen\/jesolo-zwischen-meer-und-strand\/"},"modified":"2025-11-19T14:23:01","modified_gmt":"2025-11-19T14:23:01","slug":"meer-und-natur","status":"publish","type":"page","link":"https:\/\/www.lampo.it\/de\/jesolo\/informationen\/meer-und-natur\/","title":{"rendered":"Jesolo zwischen Meer und Strand"},"content":{"rendered":"\t\t<div data-elementor-type=\"wp-page\" data-elementor-id=\"3187537\" class=\"elementor elementor-3187537 elementor-3184846\" data-elementor-post-type=\"page\">\n\t\t\t\t<div class=\"elementor-element elementor-element-68f9a9ce e-flex e-con-boxed e-con e-parent\" data-id=\"68f9a9ce\" data-element_type=\"container\" data-e-type=\"container\" data-settings=\"{&quot;background_background&quot;:&quot;classic&quot;}\">\n\t\t\t\t\t<div class=\"e-con-inner\">\n\t\t<div class=\"elementor-element elementor-element-3f6e14fd e-con-full e-flex e-con e-child\" data-id=\"3f6e14fd\" data-element_type=\"container\" data-e-type=\"container\">\n\t\t\t\t<div class=\"elementor-element elementor-element-238fb4c3 elementor-invisible elementor-widget elementor-widget-heading\" data-id=\"238fb4c3\" data-element_type=\"widget\" data-e-type=\"widget\" data-settings=\"{&quot;_animation&quot;:&quot;fadeIn&quot;}\" data-widget_type=\"heading.default\">\n\t\t\t\t\t<h1 class=\"elementor-heading-title elementor-size-default\">Jesolo zwischen Meer und Strand\n<\/h1>\t\t\t\t<\/div>\n\t\t\t\t<div class=\"elementor-element elementor-element-2344ca4a elementor-widget__width-initial elementor-widget-mobile__width-inherit elementor-invisible elementor-widget elementor-widget-text-editor\" data-id=\"2344ca4a\" data-element_type=\"widget\" data-e-type=\"widget\" data-settings=\"{&quot;_animation&quot;:&quot;fadeIn&quot;,&quot;_animation_delay&quot;:&quot;200&quot;}\" data-widget_type=\"text-editor.default\">\n\t\t\t\t\t\t\t\t\t<p class=\"subtitle\">Schaufel, Eimer und mehr<\/p>\n<div> <\/div>\t\t\t\t\t\t\t\t<\/div>\n\t\t\t\t<\/div>\n\t\t\t\t\t<\/div>\n\t\t\t\t<\/div>\n\t\t<div class=\"elementor-element elementor-element-7efdafd0 e-flex e-con-boxed e-con e-parent\" data-id=\"7efdafd0\" data-element_type=\"container\" data-e-type=\"container\">\n\t\t\t\t\t<div class=\"e-con-inner\">\n\t\t<div class=\"elementor-element elementor-element-150167c2 e-con-full e-flex e-con e-child\" data-id=\"150167c2\" data-element_type=\"container\" data-e-type=\"container\">\n\t\t\t\t<div class=\"elementor-element elementor-element-1d66ca8a elementor-widget__width-initial elementor-widget-mobile__width-inherit elementor-invisible elementor-widget elementor-widget-heading\" data-id=\"1d66ca8a\" data-element_type=\"widget\" data-e-type=\"widget\" data-settings=\"{&quot;_animation&quot;:&quot;fadeIn&quot;}\" data-widget_type=\"heading.default\">\n\t\t\t\t\t<h2 class=\"elementor-heading-title elementor-size-default\">Der Strand von Jesolo: 15 km Spa\u00df, Entspannung und Sport zwischen Meer und Molen\n<\/h2>\t\t\t\t<\/div>\n\t\t\t\t<div class=\"elementor-element elementor-element-5c62b481 elementor-widget-tablet__width-initial elementor-widget__width-initial elementor-widget-mobile__width-inherit elementor-invisible elementor-widget elementor-widget-text-editor\" data-id=\"5c62b481\" data-element_type=\"widget\" data-e-type=\"widget\" data-settings=\"{&quot;_animation&quot;:&quot;fadeIn&quot;,&quot;_animation_delay&quot;:&quot;200&quot;}\" data-widget_type=\"text-editor.default\">\n\t\t\t\t\t\t\t\t\t<div class=\"clearfix sm-flex flex-center py2 custom-cols\">\n<div class=\"col col-12 sm-col-6 right custom-col-right\">\n<p><strong>Jesolo<\/strong> verf\u00fcgt \u00fcber einen 15 km langen goldenen Strand, der sich entlang der Strandpromenade mit den charakteristischen Landungsbr\u00fccken zwischen den M\u00fcndungen der Fl\u00fcsse Piave und Sile erstreckt.<\/p>\n<p>Spa\u00df und Entspannung in Jesolo beginnen am <strong>Strand, der mit Sonnenschirmen und Liegen ausgestattet ist<\/strong> und von Sonnenaufgang bis Sonnenuntergang der wahre Star ist.<\/p>\n<p>Animation, Strandsport, Wettbewerbe f\u00fcr alle Altersgruppen, Kioske, Duschen, Spielzeuglager, Surf- und Segelschulen, Fliegen- und Kanuverleih, sichere Untiefen und sauberes Wasser sorgen f\u00fcr einen angenehmen Tag f\u00fcr Touristen jeden Alters.<\/p>\n<\/div>\n<\/div>\t\t\t\t\t\t\t\t<\/div>\n\t\t\t\t<\/div>\n\t\t<div class=\"elementor-element elementor-element-49040b02 e-con-full e-flex elementor-invisible e-con e-child\" data-id=\"49040b02\" data-element_type=\"container\" data-e-type=\"container\" data-settings=\"{&quot;animation&quot;:&quot;fadeIn&quot;}\">\n\t\t\t\t<div class=\"elementor-element elementor-element-bfcf054 elementor-widget elementor-widget-image\" data-id=\"bfcf054\" data-element_type=\"widget\" data-e-type=\"widget\" data-widget_type=\"image.default\">\n\t\t\t\t\t\t\t\t\t\t\t\t\t\t\t<img fetchpriority=\"high\" decoding=\"async\" width=\"700\" height=\"700\" src=\"https:\/\/www.lampo.it\/wp-content\/uploads\/2025\/10\/spiaggia-di-jesolo.jpg\" class=\"attachment-full size-full wp-image-3184867\" alt=\"Jesolo Strand\" srcset=\"https:\/\/www.lampo.it\/wp-content\/uploads\/2025\/10\/spiaggia-di-jesolo.jpg 700w, https:\/\/www.lampo.it\/wp-content\/uploads\/2025\/10\/spiaggia-di-jesolo-300x300.jpg 300w, https:\/\/www.lampo.it\/wp-content\/uploads\/2025\/10\/spiaggia-di-jesolo-150x150.jpg 150w\" sizes=\"(max-width: 700px) 100vw, 700px\" \/>\t\t\t\t\t\t\t\t\t\t\t\t\t\t\t<\/div>\n\t\t\t\t<\/div>\n\t\t\t\t\t<\/div>\n\t\t\t\t<\/div>\n\t\t<div class=\"elementor-element elementor-element-ed229c5 e-flex e-con-boxed e-con e-parent\" data-id=\"ed229c5\" data-element_type=\"container\" data-e-type=\"container\">\n\t\t\t\t\t<div class=\"e-con-inner\">\n\t\t<div class=\"elementor-element elementor-element-f86b20c e-con-full e-flex elementor-invisible e-con e-child\" data-id=\"f86b20c\" data-element_type=\"container\" data-e-type=\"container\" data-settings=\"{&quot;animation&quot;:&quot;fadeIn&quot;}\">\n\t\t\t\t<div class=\"elementor-element elementor-element-e3bf6a1 elementor-widget elementor-widget-image\" data-id=\"e3bf6a1\" data-element_type=\"widget\" data-e-type=\"widget\" data-widget_type=\"image.default\">\n\t\t\t\t\t\t\t\t\t\t\t\t\t\t\t<img decoding=\"async\" width=\"700\" height=\"700\" src=\"https:\/\/www.lampo.it\/wp-content\/uploads\/2025\/10\/bandiera-blu-jesolo.jpg\" class=\"attachment-full size-full wp-image-3184861\" alt=\"Blaue Flagge Jesolo\" srcset=\"https:\/\/www.lampo.it\/wp-content\/uploads\/2025\/10\/bandiera-blu-jesolo.jpg 700w, https:\/\/www.lampo.it\/wp-content\/uploads\/2025\/10\/bandiera-blu-jesolo-300x300.jpg 300w, https:\/\/www.lampo.it\/wp-content\/uploads\/2025\/10\/bandiera-blu-jesolo-150x150.jpg 150w\" sizes=\"(max-width: 700px) 100vw, 700px\" \/>\t\t\t\t\t\t\t\t\t\t\t\t\t\t\t<\/div>\n\t\t\t\t<\/div>\n\t\t<div class=\"elementor-element elementor-element-a9370d4 e-con-full e-flex e-con e-child\" data-id=\"a9370d4\" data-element_type=\"container\" data-e-type=\"container\">\n\t\t\t\t<div class=\"elementor-element elementor-element-8b8f739 elementor-widget__width-initial elementor-widget-mobile__width-inherit elementor-invisible elementor-widget elementor-widget-heading\" data-id=\"8b8f739\" data-element_type=\"widget\" data-e-type=\"widget\" data-settings=\"{&quot;_animation&quot;:&quot;fadeIn&quot;}\" data-widget_type=\"heading.default\">\n\t\t\t\t\t<h2 class=\"elementor-heading-title elementor-size-default\">Blaue Flagge und Natur: Die gr\u00fcnen Sch\u00e4tze von Jesolo<\/h2>\t\t\t\t<\/div>\n\t\t\t\t<div class=\"elementor-element elementor-element-171ee26 elementor-widget-tablet__width-initial elementor-widget__width-initial elementor-widget-mobile__width-inherit elementor-invisible elementor-widget elementor-widget-text-editor\" data-id=\"171ee26\" data-element_type=\"widget\" data-e-type=\"widget\" data-settings=\"{&quot;_animation&quot;:&quot;fadeIn&quot;,&quot;_animation_delay&quot;:&quot;200&quot;}\" data-widget_type=\"text-editor.default\">\n\t\t\t\t\t\t\t\t\t<p>In den letzten 12 Jahren wurde Jesolo immer wieder mit der Blauen Strandflagge f\u00fcr sein kristallklares Wasser ausgezeichnet. Die Stadt verf\u00fcgt au\u00dferdem \u00fcber ein lebendiges, gr\u00fcnes und \u00fcppiges \u00d6kosystem f\u00fcr alle, die die Ruhe der Natur genie\u00dfen.<\/p>\n<p>Die wilde Lagune, der gr\u00fcne Pinienwald, die weiten T\u00e4ler zum Wandern, Trekking und zur Vogelbeobachtung sind Jesolos Natursch\u00e4tze.<\/p>\t\t\t\t\t\t\t\t<\/div>\n\t\t\t\t<\/div>\n\t\t\t\t\t<\/div>\n\t\t\t\t<\/div>\n\t\t<div class=\"elementor-element elementor-element-a7e14c3 e-flex e-con-boxed e-con e-parent\" data-id=\"a7e14c3\" data-element_type=\"container\" data-e-type=\"container\">\n\t\t\t\t\t<div class=\"e-con-inner\">\n\t\t<div class=\"elementor-element elementor-element-527d172 e-con-full e-flex e-con e-child\" data-id=\"527d172\" data-element_type=\"container\" data-e-type=\"container\">\n\t\t\t\t<div class=\"elementor-element elementor-element-5c876b5 elementor-widget__width-initial elementor-widget-mobile__width-inherit elementor-invisible elementor-widget elementor-widget-heading\" data-id=\"5c876b5\" data-element_type=\"widget\" data-e-type=\"widget\" data-settings=\"{&quot;_animation&quot;:&quot;fadeIn&quot;}\" data-widget_type=\"heading.default\">\n\t\t\t\t\t<h2 class=\"elementor-heading-title elementor-size-default\">Hunde- und bootsfreundliches Jesolo: vom Strand f\u00fcr Vierbeiner bis zum strategischen Hafen<\/h2>\t\t\t\t<\/div>\n\t\t\t\t<div class=\"elementor-element elementor-element-805bd31 elementor-widget-tablet__width-initial elementor-widget__width-initial elementor-widget-mobile__width-inherit elementor-invisible elementor-widget elementor-widget-text-editor\" data-id=\"805bd31\" data-element_type=\"widget\" data-e-type=\"widget\" data-settings=\"{&quot;_animation&quot;:&quot;fadeIn&quot;,&quot;_animation_delay&quot;:&quot;200&quot;}\" data-widget_type=\"text-editor.default\">\n\t\t\t\t\t\t\t\t\t<div class=\"clearfix sm-flex flex-center py2 custom-cols\">\n<div class=\"col col-12 sm-col-6 right custom-col-right\" style=\"text-align: left;\">\n<p>Der Strand von Jesolo bietet auch einen f\u00fcr Vierbeiner reservierten Bereich vor dem Roten Kreuz, wo Hunde und ihre Besitzer das Meer mit Liegest\u00fchlen, Sonnenschirmen, Duschen und einem Agility-Parcours genie\u00dfen k\u00f6nnen.<\/p>\n<p>F\u00fcr Bootsliebhaber ist der Hafen von Jesolo strategisch g\u00fcnstig gelegen, nur 11 Meilen von Venedig und 40 Meilen von der dalmatinischen K\u00fcste entfernt.<\/p>\n<p>Die Anlegestelle ist mit zahlreichen Annehmlichkeiten ausgestattet, wie zum Beispiel:<\/p>\n<p>&#8211; Hubschrauberlandeplatz,<br>&#8211; Verpflegung an Bord,<br>&#8211; WLAN-Abdeckung,<br>&#8211; Lagerung klassischer Boote, Reparatur- und Wartungsdienste.<br>Der Zugang ist f\u00fcr Boote bis zu einer L\u00e4nge von 27 Metern und einem Tiefgang von 3 Metern problemlos m\u00f6glich.<\/p>\n<\/div>\n<\/div>\t\t\t\t\t\t\t\t<\/div>\n\t\t\t\t<\/div>\n\t\t<div class=\"elementor-element elementor-element-82198eb e-con-full e-flex elementor-invisible e-con e-child\" data-id=\"82198eb\" data-element_type=\"container\" data-e-type=\"container\" data-settings=\"{&quot;animation&quot;:&quot;fadeIn&quot;}\">\n\t\t\t\t<div class=\"elementor-element elementor-element-cdf6f59 elementor-widget elementor-widget-image\" data-id=\"cdf6f59\" data-element_type=\"widget\" data-e-type=\"widget\" data-widget_type=\"image.default\">\n\t\t\t\t\t\t\t\t\t\t\t\t\t\t\t<img decoding=\"async\" width=\"700\" height=\"700\" src=\"https:\/\/www.lampo.it\/wp-content\/uploads\/2025\/10\/spiaggia-cane-Jesolo.jpg\" class=\"attachment-full size-full wp-image-3184864\" alt=\"Cane Strand Jesolo\" srcset=\"https:\/\/www.lampo.it\/wp-content\/uploads\/2025\/10\/spiaggia-cane-Jesolo.jpg 700w, https:\/\/www.lampo.it\/wp-content\/uploads\/2025\/10\/spiaggia-cane-Jesolo-300x300.jpg 300w, https:\/\/www.lampo.it\/wp-content\/uploads\/2025\/10\/spiaggia-cane-Jesolo-150x150.jpg 150w\" sizes=\"(max-width: 700px) 100vw, 700px\" \/>\t\t\t\t\t\t\t\t\t\t\t\t\t\t\t<\/div>\n\t\t\t\t<\/div>\n\t\t\t\t\t<\/div>\n\t\t\t\t<\/div>\n\t\t<div class=\"elementor-element elementor-element-5d316dd8 e-con-full jkit-sticky-element--enabled e-flex jkit-sticky-element-on--down jkit-sticky-position--sticky e-con e-parent\" data-id=\"5d316dd8\" data-element_type=\"container\" data-e-type=\"container\" data-settings=\"{&quot;background_background&quot;:&quot;classic&quot;,&quot;jkit_sticky_top_position&quot;:{&quot;unit&quot;:&quot;px&quot;,&quot;size&quot;:&quot;&quot;,&quot;sizes&quot;:[]},&quot;jkit_sticky_device&quot;:&quot;desktop&quot;}\">\n\t\t\t\t<div class=\"elementor-element elementor-element-648310d8 elementor-widget__width-initial elementor-widget-mobile__width-inherit elementor-invisible elementor-widget elementor-widget-heading\" data-id=\"648310d8\" data-element_type=\"widget\" data-e-type=\"widget\" data-settings=\"{&quot;_animation&quot;:&quot;fadeIn&quot;}\" data-widget_type=\"heading.default\">\n\t\t\t\t\t<h2 class=\"elementor-heading-title elementor-size-default\">Buchen Sie Ihren Urlaub in Jesolo<\/h2>\t\t\t\t<\/div>\n\t\t\t\t<div class=\"elementor-element elementor-element-713fff3 elementor-widget__width-initial elementor-widget-mobile__width-inherit elementor-invisible elementor-widget elementor-widget-text-editor\" data-id=\"713fff3\" data-element_type=\"widget\" data-e-type=\"widget\" data-settings=\"{&quot;_animation&quot;:&quot;fadeIn&quot;,&quot;_animation_delay&quot;:&quot;200&quot;}\" data-widget_type=\"text-editor.default\">\n\t\t\t\t\t\t\t\t\t<p>Von Ferienwohnungen bis zu Ferienh\u00e4usern, von Spielpl\u00e4tzen bis zu Naturpfaden: alle Informationen und Ratschl\u00e4ge, um den idealen Urlaub in Jesolo zu organisieren.<\/p>\t\t\t\t\t\t\t\t<\/div>\n\t\t<div class=\"elementor-element elementor-element-8b24b95 e-grid e-con-boxed e-con e-child\" data-id=\"8b24b95\" data-element_type=\"container\" data-e-type=\"container\">\n\t\t\t\t\t<div class=\"e-con-inner\">\n\t\t\t\t<div class=\"elementor-element elementor-element-0379c9d elementor-align-center elementor-mobile-align-center elementor-widget elementor-widget-button\" data-id=\"0379c9d\" data-element_type=\"widget\" data-e-type=\"widget\" data-settings=\"{&quot;_animation&quot;:&quot;none&quot;}\" data-widget_type=\"button.default\">\n\t\t\t\t\t\t\t\t\t\t<a class=\"elementor-button elementor-button-link elementor-size-sm elementor-animation-shrink\" href=\"\/de\/jesolo\/wohnstrukturen-und-preise\/\">\n\t\t\t\t\t\t<span class=\"elementor-button-content-wrapper\">\n\t\t\t\t\t\t\t\t\t<span class=\"elementor-button-text\">Unterk\u00fcnfte in Jesolo<\/span>\n\t\t\t\t\t<\/span>\n\t\t\t\t\t<\/a>\n\t\t\t\t\t\t\t\t<\/div>\n\t\t\t\t<div class=\"elementor-element elementor-element-f39f5d9 elementor-align-center elementor-mobile-align-center elementor-widget elementor-widget-button\" data-id=\"f39f5d9\" data-element_type=\"widget\" data-e-type=\"widget\" data-settings=\"{&quot;_animation&quot;:&quot;none&quot;}\" data-widget_type=\"button.default\">\n\t\t\t\t\t\t\t\t\t\t<a class=\"elementor-button elementor-button-link elementor-size-sm elementor-animation-shrink\" href=\"\/de\/jesolo\/informationen\/\">\n\t\t\t\t\t\t<span class=\"elementor-button-content-wrapper\">\n\t\t\t\t\t\t\t\t\t<span class=\"elementor-button-text\">\u00dcber Jesolo<\/span>\n\t\t\t\t\t<\/span>\n\t\t\t\t\t<\/a>\n\t\t\t\t\t\t\t\t<\/div>\n\t\t\t\t<div class=\"elementor-element elementor-element-b62a88c elementor-align-center elementor-mobile-align-center elementor-widget elementor-widget-button\" data-id=\"b62a88c\" data-element_type=\"widget\" data-e-type=\"widget\" data-settings=\"{&quot;_animation&quot;:&quot;none&quot;}\" data-widget_type=\"button.default\">\n\t\t\t\t\t\t\t\t\t\t<a class=\"elementor-button elementor-button-link elementor-size-sm elementor-animation-shrink\" href=\"\/de\/tag\/jesolo-de\/\">\n\t\t\t\t\t\t<span class=\"elementor-button-content-wrapper\">\n\t\t\t\t\t\t\t\t\t<span class=\"elementor-button-text\">Veranstaltungen in Jesolo<\/span>\n\t\t\t\t\t<\/span>\n\t\t\t\t\t<\/a>\n\t\t\t\t\t\t\t\t<\/div>\n\t\t\t\t\t<\/div>\n\t\t\t\t<\/div>\n\t\t\t\t<\/div>\n\t\t<div class=\"elementor-element elementor-element-3a4fa49d e-con-full e-flex e-con e-parent\" data-id=\"3a4fa49d\" data-element_type=\"container\" data-e-type=\"container\" data-settings=\"{&quot;background_background&quot;:&quot;classic&quot;}\">\n\t\t\t\t<div class=\"elementor-element elementor-element-1131316 elementor-widget elementor-widget-heading\" data-id=\"1131316\" data-element_type=\"widget\" data-e-type=\"widget\" data-widget_type=\"heading.default\">\n\t\t\t\t\t<h2 class=\"elementor-heading-title elementor-size-default\">Kontakt Lampo Jesolo<\/h2>\t\t\t\t<\/div>\n\t\t\t\t<div class=\"elementor-element elementor-element-74b0cc55 elementor-widget elementor-widget-text-editor\" data-id=\"74b0cc55\" data-element_type=\"widget\" data-e-type=\"widget\" data-widget_type=\"text-editor.default\">\n\t\t\t\t\t\t\t\t\t<main id=\"main-content\">\n<section class=\"prefooter\">\n<div class=\"container\">\n<div class=\"contact-block\">\n<p style=\"text-align: center;\">Unsere Filialen in Jesolo stehen Ihnen f\u00fcr Fragen zur Verf\u00fcgung und helfen Ihnen bei der Buchung von Aufenthalten und Ausfl\u00fcgen in der Region.<\/p>\n<\/div>\n<\/div>\n<\/section>\n<\/main>\t\t\t\t\t\t\t\t<\/div>\n\t\t\t\t<div class=\"elementor-element elementor-element-63c1cadc elementor-align-center elementor-mobile-align-center elementor-widget elementor-widget-button\" data-id=\"63c1cadc\" data-element_type=\"widget\" data-e-type=\"widget\" data-settings=\"{&quot;_animation&quot;:&quot;none&quot;}\" data-widget_type=\"button.default\">\n\t\t\t\t\t\t\t\t\t\t<a class=\"elementor-button elementor-button-link elementor-size-sm elementor-animation-shrink\" href=\"\/de\/jesolo\/kontakte\/\">\n\t\t\t\t\t\t<span class=\"elementor-button-content-wrapper\">\n\t\t\t\t\t\t\t\t\t<span class=\"elementor-button-text\">Kontaktieren Sie uns<\/span>\n\t\t\t\t\t<\/span>\n\t\t\t\t\t<\/a>\n\t\t\t\t\t\t\t\t<\/div>\n\t\t\t\t<\/div>\n\t\t\t\t<\/div>\n\t\t","protected":false},"excerpt":{"rendered":"<p>Jesolo zwischen Meer und Strand Schaufel, Eimer und mehr Der Strand von Jesolo: 15 km Spa\u00df, Entspannung und Sport zwischen Meer und Molen Jesolo verf\u00fcgt \u00fcber einen 15 km langen [&hellip;]<\/p>\n","protected":false},"author":1,"featured_media":3184851,"parent":3186553,"menu_order":0,"comment_status":"closed","ping_status":"closed","template":"","meta":{"footnotes":""},"locations":[],"class_list":["post-3187537","page","type-page","status-publish","has-post-thumbnail","hentry"],"yoast_head":"<!-- This site is optimized with the Yoast SEO plugin v27.5 - https:\/\/yoast.com\/product\/yoast-seo-wordpress\/ -->\n<title>Das Meer in Jesolo: weitl\u00e4ufige Str\u00e4nde - Agenzia Lampo<\/title>\n<meta name=\"description\" content=\"Zwischen Meer und Natur, entdecken Sie die Str\u00e4nde und Dienstleistungen, die Jesolo f\u00fcr die Sommersaison bietet! Lesen Sie den Artikel!\" \/>\n<meta name=\"robots\" content=\"index, follow, max-snippet:-1, max-image-preview:large, max-video-preview:-1\" \/>\n<link rel=\"canonical\" href=\"https:\/\/www.lampo.it\/de\/jesolo\/informationen\/meer-und-natur\/\" \/>\n<meta property=\"og:locale\" content=\"de_DE\" \/>\n<meta property=\"og:type\" content=\"article\" \/>\n<meta property=\"og:title\" content=\"Das Meer in Jesolo: weitl\u00e4ufige Str\u00e4nde - Agenzia Lampo\" \/>\n<meta property=\"og:description\" content=\"Zwischen Meer und Natur, entdecken Sie die Str\u00e4nde und Dienstleistungen, die Jesolo f\u00fcr die Sommersaison bietet! Lesen Sie den Artikel!\" \/>\n<meta property=\"og:url\" content=\"https:\/\/www.lampo.it\/de\/jesolo\/informationen\/meer-und-natur\/\" \/>\n<meta property=\"og:site_name\" content=\"Agenzia Lampo\" \/>\n<meta property=\"article:modified_time\" content=\"2025-11-19T14:23:01+00:00\" \/>\n<meta property=\"og:image\" content=\"https:\/\/www.lampo.it\/wp-content\/uploads\/2025\/10\/spiaggia-jesolo-1.jpg\" \/>\n\t<meta property=\"og:image:width\" content=\"1920\" \/>\n\t<meta property=\"og:image:height\" content=\"800\" \/>\n\t<meta property=\"og:image:type\" content=\"image\/jpeg\" \/>\n<meta name=\"twitter:card\" content=\"summary_large_image\" \/>\n<meta name=\"twitter:label1\" content=\"Gesch\u00e4tzte Lesezeit\" \/>\n\t<meta name=\"twitter:data1\" content=\"2\u00a0Minuten\" \/>\n<script type=\"application\/ld+json\" class=\"yoast-schema-graph\">{\"@context\":\"https:\\\/\\\/schema.org\",\"@graph\":[{\"@type\":\"WebPage\",\"@id\":\"https:\\\/\\\/www.lampo.it\\\/de\\\/jesolo\\\/informationen\\\/meer-und-natur\\\/\",\"url\":\"https:\\\/\\\/www.lampo.it\\\/de\\\/jesolo\\\/informationen\\\/meer-und-natur\\\/\",\"name\":\"Das Meer in Jesolo: weitl\u00e4ufige Str\u00e4nde - Agenzia Lampo\",\"isPartOf\":{\"@id\":\"https:\\\/\\\/www.lampo.it\\\/#website\"},\"primaryImageOfPage\":{\"@id\":\"https:\\\/\\\/www.lampo.it\\\/de\\\/jesolo\\\/informationen\\\/meer-und-natur\\\/#primaryimage\"},\"image\":{\"@id\":\"https:\\\/\\\/www.lampo.it\\\/de\\\/jesolo\\\/informationen\\\/meer-und-natur\\\/#primaryimage\"},\"thumbnailUrl\":\"https:\\\/\\\/www.lampo.it\\\/wp-content\\\/uploads\\\/2025\\\/10\\\/spiaggia-jesolo-1.jpg\",\"datePublished\":\"2025-10-22T08:53:34+00:00\",\"dateModified\":\"2025-11-19T14:23:01+00:00\",\"description\":\"Zwischen Meer und Natur, entdecken Sie die Str\u00e4nde und Dienstleistungen, die Jesolo f\u00fcr die Sommersaison bietet! Lesen Sie den Artikel!\",\"breadcrumb\":{\"@id\":\"https:\\\/\\\/www.lampo.it\\\/de\\\/jesolo\\\/informationen\\\/meer-und-natur\\\/#breadcrumb\"},\"inLanguage\":\"de\",\"potentialAction\":[{\"@type\":\"ReadAction\",\"target\":[\"https:\\\/\\\/www.lampo.it\\\/de\\\/jesolo\\\/informationen\\\/meer-und-natur\\\/\"]}]},{\"@type\":\"ImageObject\",\"inLanguage\":\"de\",\"@id\":\"https:\\\/\\\/www.lampo.it\\\/de\\\/jesolo\\\/informationen\\\/meer-und-natur\\\/#primaryimage\",\"url\":\"https:\\\/\\\/www.lampo.it\\\/wp-content\\\/uploads\\\/2025\\\/10\\\/spiaggia-jesolo-1.jpg\",\"contentUrl\":\"https:\\\/\\\/www.lampo.it\\\/wp-content\\\/uploads\\\/2025\\\/10\\\/spiaggia-jesolo-1.jpg\",\"width\":1920,\"height\":800,\"caption\":\"Jesolo Strand\"},{\"@type\":\"BreadcrumbList\",\"@id\":\"https:\\\/\\\/www.lampo.it\\\/de\\\/jesolo\\\/informationen\\\/meer-und-natur\\\/#breadcrumb\",\"itemListElement\":[{\"@type\":\"ListItem\",\"position\":1,\"name\":\"Home\",\"item\":\"https:\\\/\\\/www.lampo.it\\\/\"},{\"@type\":\"ListItem\",\"position\":2,\"name\":\"Jesolo\",\"item\":\"https:\\\/\\\/www.lampo.it\\\/de\\\/jesolo\\\/\"},{\"@type\":\"ListItem\",\"position\":3,\"name\":\"Informationen\",\"item\":\"https:\\\/\\\/www.lampo.it\\\/de\\\/jesolo\\\/informationen\\\/\"},{\"@type\":\"ListItem\",\"position\":4,\"name\":\"Jesolo zwischen Meer und Strand\"}]},{\"@type\":\"WebSite\",\"@id\":\"https:\\\/\\\/www.lampo.it\\\/#website\",\"url\":\"https:\\\/\\\/www.lampo.it\\\/\",\"name\":\"Agenzia Lampo\",\"description\":\"Agenzia Lampo. Affitti brevi sulla Costa Veneta\",\"publisher\":{\"@id\":\"https:\\\/\\\/www.lampo.it\\\/#organization\"},\"potentialAction\":[{\"@type\":\"SearchAction\",\"target\":{\"@type\":\"EntryPoint\",\"urlTemplate\":\"https:\\\/\\\/www.lampo.it\\\/?s={search_term_string}\"},\"query-input\":{\"@type\":\"PropertyValueSpecification\",\"valueRequired\":true,\"valueName\":\"search_term_string\"}}],\"inLanguage\":\"de\"},{\"@type\":\"Organization\",\"@id\":\"https:\\\/\\\/www.lampo.it\\\/#organization\",\"name\":\"Agenzia Lampo\",\"url\":\"https:\\\/\\\/www.lampo.it\\\/\",\"logo\":{\"@type\":\"ImageObject\",\"inLanguage\":\"de\",\"@id\":\"https:\\\/\\\/www.lampo.it\\\/#\\\/schema\\\/logo\\\/image\\\/\",\"url\":\"https:\\\/\\\/www.lampo.it\\\/wp-content\\\/uploads\\\/2025\\\/07\\\/logo-lampo_ok_2012.png\",\"contentUrl\":\"https:\\\/\\\/www.lampo.it\\\/wp-content\\\/uploads\\\/2025\\\/07\\\/logo-lampo_ok_2012.png\",\"width\":349,\"height\":137,\"caption\":\"Agenzia Lampo\"},\"image\":{\"@id\":\"https:\\\/\\\/www.lampo.it\\\/#\\\/schema\\\/logo\\\/image\\\/\"}}]}<\/script>\n<!-- \/ Yoast SEO plugin. -->","yoast_head_json":{"title":"Das Meer in Jesolo: weitl\u00e4ufige Str\u00e4nde - Agenzia Lampo","description":"Zwischen Meer und Natur, entdecken Sie die Str\u00e4nde und Dienstleistungen, die Jesolo f\u00fcr die Sommersaison bietet! Lesen Sie den Artikel!","robots":{"index":"index","follow":"follow","max-snippet":"max-snippet:-1","max-image-preview":"max-image-preview:large","max-video-preview":"max-video-preview:-1"},"canonical":"https:\/\/www.lampo.it\/de\/jesolo\/informationen\/meer-und-natur\/","og_locale":"de_DE","og_type":"article","og_title":"Das Meer in Jesolo: weitl\u00e4ufige Str\u00e4nde - Agenzia Lampo","og_description":"Zwischen Meer und Natur, entdecken Sie die Str\u00e4nde und Dienstleistungen, die Jesolo f\u00fcr die Sommersaison bietet! Lesen Sie den Artikel!","og_url":"https:\/\/www.lampo.it\/de\/jesolo\/informationen\/meer-und-natur\/","og_site_name":"Agenzia Lampo","article_modified_time":"2025-11-19T14:23:01+00:00","og_image":[{"width":1920,"height":800,"url":"https:\/\/www.lampo.it\/wp-content\/uploads\/2025\/10\/spiaggia-jesolo-1.jpg","type":"image\/jpeg"}],"twitter_card":"summary_large_image","twitter_misc":{"Gesch\u00e4tzte Lesezeit":"2\u00a0Minuten"},"schema":{"@context":"https:\/\/schema.org","@graph":[{"@type":"WebPage","@id":"https:\/\/www.lampo.it\/de\/jesolo\/informationen\/meer-und-natur\/","url":"https:\/\/www.lampo.it\/de\/jesolo\/informationen\/meer-und-natur\/","name":"Das Meer in Jesolo: weitl\u00e4ufige Str\u00e4nde - Agenzia Lampo","isPartOf":{"@id":"https:\/\/www.lampo.it\/#website"},"primaryImageOfPage":{"@id":"https:\/\/www.lampo.it\/de\/jesolo\/informationen\/meer-und-natur\/#primaryimage"},"image":{"@id":"https:\/\/www.lampo.it\/de\/jesolo\/informationen\/meer-und-natur\/#primaryimage"},"thumbnailUrl":"https:\/\/www.lampo.it\/wp-content\/uploads\/2025\/10\/spiaggia-jesolo-1.jpg","datePublished":"2025-10-22T08:53:34+00:00","dateModified":"2025-11-19T14:23:01+00:00","description":"Zwischen Meer und Natur, entdecken Sie die Str\u00e4nde und Dienstleistungen, die Jesolo f\u00fcr die Sommersaison bietet! Lesen Sie den Artikel!","breadcrumb":{"@id":"https:\/\/www.lampo.it\/de\/jesolo\/informationen\/meer-und-natur\/#breadcrumb"},"inLanguage":"de","potentialAction":[{"@type":"ReadAction","target":["https:\/\/www.lampo.it\/de\/jesolo\/informationen\/meer-und-natur\/"]}]},{"@type":"ImageObject","inLanguage":"de","@id":"https:\/\/www.lampo.it\/de\/jesolo\/informationen\/meer-und-natur\/#primaryimage","url":"https:\/\/www.lampo.it\/wp-content\/uploads\/2025\/10\/spiaggia-jesolo-1.jpg","contentUrl":"https:\/\/www.lampo.it\/wp-content\/uploads\/2025\/10\/spiaggia-jesolo-1.jpg","width":1920,"height":800,"caption":"Jesolo Strand"},{"@type":"BreadcrumbList","@id":"https:\/\/www.lampo.it\/de\/jesolo\/informationen\/meer-und-natur\/#breadcrumb","itemListElement":[{"@type":"ListItem","position":1,"name":"Home","item":"https:\/\/www.lampo.it\/"},{"@type":"ListItem","position":2,"name":"Jesolo","item":"https:\/\/www.lampo.it\/de\/jesolo\/"},{"@type":"ListItem","position":3,"name":"Informationen","item":"https:\/\/www.lampo.it\/de\/jesolo\/informationen\/"},{"@type":"ListItem","position":4,"name":"Jesolo zwischen Meer und Strand"}]},{"@type":"WebSite","@id":"https:\/\/www.lampo.it\/#website","url":"https:\/\/www.lampo.it\/","name":"Agenzia Lampo","description":"Agenzia Lampo. Affitti brevi sulla Costa Veneta","publisher":{"@id":"https:\/\/www.lampo.it\/#organization"},"potentialAction":[{"@type":"SearchAction","target":{"@type":"EntryPoint","urlTemplate":"https:\/\/www.lampo.it\/?s={search_term_string}"},"query-input":{"@type":"PropertyValueSpecification","valueRequired":true,"valueName":"search_term_string"}}],"inLanguage":"de"},{"@type":"Organization","@id":"https:\/\/www.lampo.it\/#organization","name":"Agenzia Lampo","url":"https:\/\/www.lampo.it\/","logo":{"@type":"ImageObject","inLanguage":"de","@id":"https:\/\/www.lampo.it\/#\/schema\/logo\/image\/","url":"https:\/\/www.lampo.it\/wp-content\/uploads\/2025\/07\/logo-lampo_ok_2012.png","contentUrl":"https:\/\/www.lampo.it\/wp-content\/uploads\/2025\/07\/logo-lampo_ok_2012.png","width":349,"height":137,"caption":"Agenzia Lampo"},"image":{"@id":"https:\/\/www.lampo.it\/#\/schema\/logo\/image\/"}}]}},"_links":{"self":[{"href":"https:\/\/www.lampo.it\/de\/wp-json\/wp\/v2\/pages\/3187537","targetHints":{"allow":["GET"]}}],"collection":[{"href":"https:\/\/www.lampo.it\/de\/wp-json\/wp\/v2\/pages"}],"about":[{"href":"https:\/\/www.lampo.it\/de\/wp-json\/wp\/v2\/types\/page"}],"author":[{"embeddable":true,"href":"https:\/\/www.lampo.it\/de\/wp-json\/wp\/v2\/users\/1"}],"replies":[{"embeddable":true,"href":"https:\/\/www.lampo.it\/de\/wp-json\/wp\/v2\/comments?post=3187537"}],"version-history":[{"count":10,"href":"https:\/\/www.lampo.it\/de\/wp-json\/wp\/v2\/pages\/3187537\/revisions"}],"predecessor-version":[{"id":3195634,"href":"https:\/\/www.lampo.it\/de\/wp-json\/wp\/v2\/pages\/3187537\/revisions\/3195634"}],"up":[{"embeddable":true,"href":"https:\/\/www.lampo.it\/de\/wp-json\/wp\/v2\/pages\/3186553"}],"wp:featuredmedia":[{"embeddable":true,"href":"https:\/\/www.lampo.it\/de\/wp-json\/wp\/v2\/media\/3184851"}],"wp:attachment":[{"href":"https:\/\/www.lampo.it\/de\/wp-json\/wp\/v2\/media?parent=3187537"}],"wp:term":[{"taxonomy":"locations","embeddable":true,"href":"https:\/\/www.lampo.it\/de\/wp-json\/wp\/v2\/locations?post=3187537"}],"curies":[{"name":"wp","href":"https:\/\/api.w.org\/{rel}","templated":true}]}}